{"id":18201,"date":"2022-05-21T10:23:54","date_gmt":"2022-05-21T08:23:54","guid":{"rendered":"https:\/\/shop.borgodeivinci.com\/formaggio-pecorino-monte-poro\/"},"modified":"2022-08-07T11:14:05","modified_gmt":"2022-08-07T09:14:05","slug":"le-fromage-pecorino-typique-du-monte-poro","status":"publish","type":"page","link":"https:\/\/shop.borgodeivinci.com\/fr\/le-fromage-pecorino-typique-du-monte-poro\/","title":{"rendered":"Le fromage Pecorino typique du monte Poro"},"content":{"rendered":"\t\t<div data-elementor-type=\"wp-page\" data-elementor-id=\"18201\" class=\"elementor elementor-18201 elementor-17935\">\n\t\t\t\t\t\t\t\t\t<section class=\"elementor-section elementor-top-section elementor-element elementor-element-fdde95c elementor-section-boxed elementor-section-height-default elementor-section-height-default wd-section-disabled\" data-id=\"fdde95c\" data-element_type=\"section\">\n\t\t\t\t\t\t<div class=\"elementor-container elementor-column-gap-default\">\n\t\t\t\t\t<div class=\"elementor-column elementor-col-100 elementor-top-column elementor-element elementor-element-1069932\" data-id=\"1069932\" data-element_type=\"column\">\n\t\t\t<div class=\"elementor-widget-wrap elementor-element-populated\">\n\t\t\t\t\t\t\t\t<div class=\"elementor-element elementor-element-f219153 elementor-widget elementor-widget-wd_title\" data-id=\"f219153\" data-element_type=\"widget\" data-widget_type=\"wd_title.default\">\n\t\t\t\t<div class=\"elementor-widget-container\">\n\t\t\t\t\t<div class=\"title-wrapper set-mb-s reset-last-child wd-title-color-default wd-title-style-default wd-title-size-default text-center\">\n\n\t\t\t\n\t\t\t<div class=\"liner-continer\">\n\t\t\t\t<h4 class=\"woodmart-title-container title wd-fontsize-l\">Le fromage pecorino typique du monte Poro<\/h4> \n\t\t\t\t\t\t\t<\/div>\n\n\t\t\t\t\t\t\t<div class=\"title-after_title set-cont-mb-s reset-last-child wd-fontsize-xs\">\n\t\t\t\t\tL\u2019Original Pecorino du Monte Poro D.O.P.\t\t\t\t<\/div>\n\t\t\t\t\t<\/div>\n\t\t\t\t<\/div>\n\t\t\t\t<\/div>\n\t\t\t\t\t<\/div>\n\t\t<\/div>\n\t\t\t\t\t\t\t<\/div>\n\t\t<\/section>\n\t\t\t\t<section class=\"elementor-section elementor-top-section elementor-element elementor-element-2622c55e elementor-section-content-middle elementor-section-full_width elementor-section-height-default elementor-section-height-default wd-section-disabled\" data-id=\"2622c55e\" data-element_type=\"section\">\n\t\t\t\t\t\t<div class=\"elementor-container elementor-column-gap-no\">\n\t\t\t\t\t<div class=\"elementor-column elementor-col-100 elementor-top-column elementor-element elementor-element-37cec0cd\" data-id=\"37cec0cd\" data-element_type=\"column\">\n\t\t\t<div class=\"elementor-widget-wrap elementor-element-populated\">\n\t\t\t\t\t\t\t\t<div class=\"elementor-element elementor-element-3511e6fb elementor-widget elementor-widget-wd_slider\" data-id=\"3511e6fb\" data-element_type=\"widget\" data-widget_type=\"wd_slider.default\">\n\t\t\t\t<div class=\"elementor-widget-container\">\n\t\t\t\t\t\t<style>\t\t\t#slider-314 .wd-slide {\n\t\t\t\tmin-height: 500px;\n\t\t\t}\n\n\t\t\t@media (min-width: 1025px) {\n\t\t\t\t.browser-Internet #slider-314 .wd-slide {\n\t\t\t\t\theight: 500px;\n\t\t\t\t}\n\t\t\t}\n\n\t\t\t@media (max-width: 1024px) {\n\t\t\t\t#slider-314 .wd-slide {\n\t\t\t\t\tmin-height: 500px;\n\t\t\t\t}\n\t\t\t}\n\n\t\t\t@media (max-width: 767px) {\n\t\t\t\t#slider-314 .wd-slide {\n\t\t\t\t\tmin-height: 500px;\n\t\t\t\t}\n\t\t\t}\n\n\t\t\t\t\t\t\t#slide-17938.woodmart-loaded .wd-slide-bg {\n\t\t\t\t\tbackground-image:url(https:\/\/shop.borgodeivinci.com\/wp-content\/uploads\/2022\/04\/DOP_BORGODEIVINCI-SLIDE.jpg);\t\t\t\t}\n\n\t\t\t\t#slide-17938 .wd-slide-bg {\n\t\t\t\t\tbackground-color:#fefefe;\t\t\t\t\tbackground-size:cover;\n\t\t\t\t\t\t\t\t\t\t\tbackground-position:center center;\t\t\t\t\t\t\t\t\t}\n\n\t\t\t\t\n\t\t\t\t@media (max-width: 1024px) {\n\t\t\t\t\t\n\t\t\t\t\t\n\t\t\t\t\t#slide-17938 .wd-slide-bg {\n\t\t\t\t\t\t\n\t\t\t\t\t\t\t\t\t\t\t\t\t\t\t\t\t\t\t\t\t\t\t\t}\n\t\t\t\t}\n\n\t\t\t\t@media (max-width: 767px) {\n\t\t\t\t\t\n\t\t\t\t\t\n\t\t\t\t\t#slide-17938 .wd-slide-bg {\n\t\t\t\t\t\t\n\t\t\t\t\t\t\t\t\t\t\t\t\t\t\t\t\t\t\t\t\t\t\t\t}\n\t\t\t\t}\n\n\t\t\t\t\n\t\t\t\t\t\t\t\t<\/style>\n\t\t\t<div id=\"slider-314\" data-id=\"314\" class=\"wd-slider-wrapper arrows-style-0 pagin-style-0 pagin-scheme-1 anim-slide wd-section-stretch\"  data-owl-carousel data-speed=\"9000\" data-wrap=\"yes\" data-autoheight=\"yes\" data-hide_pagination_control=\"yes\" data-hide_prev_next_buttons=\"yes\" data-sliding_speed=\"900\" data-content_animation=\"1\" data-desktop=\"1\" data-tablet_landscape=\"1\" data-tablet=\"1\" data-mobile=\"1\">\n\t\t\t\t<div class=\"wd-slider wd-autoplay-animations-off \">\n\t\t\t\t\t\t\t\t\t\t\t\t\t\t\t\t\t<div id=\"slide-17938\" class=\"wd-slide woodmart-loaded\" data-id=\"17938\" >\n\t\t\t\t\t\t\t\t\t\t\t\t\t\t<div class=\"container wd-slide-container wd-items-middle wd-justify-center content-full-width\">\n\t\t\t\t\t\t\t\t<div class=\"wd-slide-inner wd-animation-normal  wd-animation-slide-from-left\">\n\t\t\t\t\t\t\t\t\t\t\t\t\t\t\t\t\t\t\t<style>.elementor-17938 .elementor-element.elementor-element-c65f5eb .title-after_title, .elementor-17938 .elementor-element.elementor-element-c65f5eb .title-subtitle, .elementor-17938 .elementor-element.elementor-element-c65f5eb .woodmart-title-container{max-width:90%;}.elementor-17938 .elementor-element.elementor-element-c65f5eb .title{color:#FFFFFF;font-family:\"Tahoma\", Sans-serif;font-size:38px;font-weight:700;line-height:1.2em;}.elementor-17938 .elementor-element.elementor-element-c65f5eb .title-after_title{color:#FFFFFF;font-weight:bold;}.elementor-17938 .elementor-element.elementor-element-6a6a69f{text-align:left;color:#FFFFFF;font-size:16px;font-weight:bold;}.elementor-17938 .elementor-element.elementor-element-6a6a69f .elementor-widget-container{max-width:90%;}.elementor-17938 .elementor-element.elementor-element-6a6a69f > .elementor-widget-container{margin:0px 0px 15px 0px;}.elementor-17938 .elementor-element.elementor-element-1091378 > .elementor-widget-container{margin:0px 20px 0px 0px;}.elementor-17938 .elementor-element.elementor-element-1091378{width:auto;max-width:auto;}@media(min-width:768px){.elementor-17938 .elementor-element.elementor-element-0121e7c{width:58%;}.elementor-17938 .elementor-element.elementor-element-9bd3e57{width:42%;}}@media(max-width:1024px){.elementor-17938 .elementor-element.elementor-element-c65f5eb .title-after_title, .elementor-17938 .elementor-element.elementor-element-c65f5eb .title-subtitle, .elementor-17938 .elementor-element.elementor-element-c65f5eb .woodmart-title-container{max-width:100%;}.elementor-17938 .elementor-element.elementor-element-c65f5eb .title{font-size:38px;}.elementor-17938 .elementor-element.elementor-element-6a6a69f .elementor-widget-container{max-width:100%;}}@media(max-width:767px){.elementor-17938 .elementor-element.elementor-element-c65f5eb .title-after_title, .elementor-17938 .elementor-element.elementor-element-c65f5eb .title-subtitle, .elementor-17938 .elementor-element.elementor-element-c65f5eb .woodmart-title-container{max-width:75%;}.elementor-17938 .elementor-element.elementor-element-c65f5eb .title{font-size:22px;}.elementor-17938 .elementor-element.elementor-element-c65f5eb > .elementor-widget-container{margin:0px 0px 20px 0px;}}<\/style>\t\t<div data-elementor-type=\"wp-post\" data-elementor-id=\"17938\" class=\"elementor elementor-17938\">\n\t\t\t\t\t\t\t\t\t<section class=\"elementor-section elementor-top-section elementor-element elementor-element-20c4914 elementor-section-boxed elementor-section-height-default elementor-section-height-default wd-section-disabled\" data-id=\"20c4914\" data-element_type=\"section\">\n\t\t\t\t\t\t<div class=\"elementor-container elementor-column-gap-default\">\n\t\t\t\t\t<div class=\"elementor-column elementor-col-50 elementor-top-column elementor-element elementor-element-0121e7c\" data-id=\"0121e7c\" data-element_type=\"column\">\n\t\t\t<div class=\"elementor-widget-wrap elementor-element-populated\">\n\t\t\t\t\t\t\t\t<div class=\"elementor-element elementor-element-c65f5eb elementor-widget elementor-widget-wd_title\" data-id=\"c65f5eb\" data-element_type=\"widget\" data-widget_type=\"wd_title.default\">\n\t\t\t\t<div class=\"elementor-widget-container\">\n\t\t\t\t\t<div class=\"title-wrapper set-mb-s reset-last-child wd-title-color-default wd-title-style-default wd-title-size-default text-left\">\n\n\t\t\t\n\t\t\t<div class=\"liner-continer\">\n\t\t\t\t<h4 class=\"woodmart-title-container title wd-fontsize-l\">Pecorino del Monte Poro D.o.p.<\/h4> \n\t\t\t\t\t\t\t<\/div>\n\n\t\t\t\t\t\t\t<div class=\"title-after_title set-cont-mb-s reset-last-child wd-fontsize-xs\">\n\t\t\t\t\t<span style=\"color: #ffffff\">Il formaggio pecorino tipico del Monte Poro<\/span>\t\t\t\t<\/div>\n\t\t\t\t\t<\/div>\n\t\t\t\t<\/div>\n\t\t\t\t<\/div>\n\t\t\t\t<div class=\"elementor-element elementor-element-6a6a69f elementor-hidden-phone color-scheme-inherit text-left elementor-widget elementor-widget-text-editor\" data-id=\"6a6a69f\" data-element_type=\"widget\" data-widget_type=\"text-editor.default\">\n\t\t\t\t<div class=\"elementor-widget-container\">\n\t\t\t<style>\/*! elementor - v3.8.0 - 30-10-2022 *\/\n.elementor-widget-text-editor.elementor-drop-cap-view-stacked .elementor-drop-cap{background-color:#818a91;color:#fff}.elementor-widget-text-editor.elementor-drop-cap-view-framed .elementor-drop-cap{color:#818a91;border:3px solid;background-color:transparent}.elementor-widget-text-editor:not(.elementor-drop-cap-view-default) .elementor-drop-cap{margin-top:8px}.elementor-widget-text-editor:not(.elementor-drop-cap-view-default) .elementor-drop-cap-letter{width:1em;height:1em}.elementor-widget-text-editor .elementor-drop-cap{float:left;text-align:center;line-height:1;font-size:50px}.elementor-widget-text-editor .elementor-drop-cap-letter{display:inline-block}<\/style>\t\t\t\t<p>Fragrante, con aromi di fiori selvatici, di macchia mediterranea e di fieno,\u00a0<strong>pastoso<\/strong> e piacevolmente nocciolato, unico per\u00a0 <strong>pungenza<\/strong> e sapidit\u00e0. Fresco, Semi stagionato e Stagionato 24 mesi.<\/p>\t\t\t\t\t\t<\/div>\n\t\t\t\t<\/div>\n\t\t\t\t<div class=\"elementor-element elementor-element-1091378 elementor-widget__width-auto elementor-widget elementor-widget-wd_button\" data-id=\"1091378\" data-element_type=\"widget\" data-widget_type=\"wd_button.default\">\n\t\t\t\t<div class=\"elementor-widget-container\">\n\t\t\t\t\t<div class=\"wd-button-wrapper text-left\" >\n\t\t\t<a class=\"btn btn-style-default btn-shape-rectangle btn-size-default btn-color-primary btn-icon-pos-right\"  href=\"https:\/\/shop.borgodeivinci.com\/formaggio-pecorino-monte-poro\/\">\n\t\t\t\t<span class=\"wd-btn-text\" data-elementor-setting-key=\"text\">\n\t\t\t\t\tAcquista adesso\t\t\t\t<\/span>\n\n\t\t\t\t\t\t\t<\/a>\n\t\t<\/div>\n\t\t\t\t<\/div>\n\t\t\t\t<\/div>\n\t\t\t\t\t<\/div>\n\t\t<\/div>\n\t\t\t\t<div class=\"elementor-column elementor-col-50 elementor-top-column elementor-element elementor-element-9bd3e57 elementor-hidden-phone\" data-id=\"9bd3e57\" data-element_type=\"column\">\n\t\t\t<div class=\"elementor-widget-wrap\">\n\t\t\t\t\t\t\t\t\t<\/div>\n\t\t<\/div>\n\t\t\t\t\t\t\t<\/div>\n\t\t<\/section>\n\t\t\t\t\t\t\t<\/div>\n\t\t\t\t\t\t\t\t\t\t\t\t\t\t\t\t\t\t\t<\/div>\n\t\t\t\t\t\t\t<\/div>\n\n\t\t\t\t\t\t\t<div class=\"wd-slide-bg wd-fill\"><\/div>\n\t\t\t\t\t\t<\/div>\n\n\t\t\t\t\t\t\t\t\t\t\t\t\t\t\t\t\t\t\t\t\t\t\t\t\t\t\t\t<\/div>\n\t\t\t<\/div>\n\n\t\t\t\t\t\t\t<\/div>\n\t\t\t\t<\/div>\n\t\t\t\t\t<\/div>\n\t\t<\/div>\n\t\t\t\t\t\t\t<\/div>\n\t\t<\/section>\n\t\t\t\t<section class=\"elementor-section elementor-top-section elementor-element elementor-element-13aeedd0 elementor-section-content-middle elementor-section-boxed elementor-section-height-default elementor-section-height-default wd-section-disabled\" data-id=\"13aeedd0\" data-element_type=\"section\">\n\t\t\t\t\t\t<div class=\"elementor-container elementor-column-gap-wide\">\n\t\t\t\t\t<div class=\"elementor-column elementor-col-50 elementor-top-column elementor-element elementor-element-5bbcd1fa\" data-id=\"5bbcd1fa\" data-element_type=\"column\">\n\t\t\t<div class=\"elementor-widget-wrap elementor-element-populated\">\n\t\t\t\t\t\t\t\t<div class=\"elementor-element elementor-element-32fa5e9c elementor-widget elementor-widget-image\" data-id=\"32fa5e9c\" data-element_type=\"widget\" data-widget_type=\"image.default\">\n\t\t\t\t<div class=\"elementor-widget-container\">\n\t\t\t<style>\/*! elementor - v3.8.0 - 30-10-2022 *\/\n.elementor-widget-image{text-align:center}.elementor-widget-image a{display:inline-block}.elementor-widget-image a img[src$=\".svg\"]{width:48px}.elementor-widget-image img{vertical-align:middle;display:inline-block}<\/style>\t\t\t\t\t\t\t\t\t\t\t\t<img decoding=\"async\" src=\"https:\/\/shop.borgodeivinci.com\/wp-content\/uploads\/elementor\/thumbs\/pecorino-monte-poro_fresco-q7bpxrb2ef4qy9oqizpqqy1pza9vh9xie51ts6ytk8.jpg\" title=\"pecorino-monte-poro_fresco\" alt=\"pecorino-monte-poro_fresco\" \/>\t\t\t\t\t\t\t\t\t\t\t\t\t\t\t<\/div>\n\t\t\t\t<\/div>\n\t\t\t\t\t<\/div>\n\t\t<\/div>\n\t\t\t\t<div class=\"elementor-column elementor-col-50 elementor-top-column elementor-element elementor-element-93d7739\" data-id=\"93d7739\" data-element_type=\"column\">\n\t\t\t<div class=\"elementor-widget-wrap elementor-element-populated\">\n\t\t\t\t\t\t\t\t<div class=\"elementor-element elementor-element-6244b05f elementor-widget elementor-widget-wd_title\" data-id=\"6244b05f\" data-element_type=\"widget\" data-widget_type=\"wd_title.default\">\n\t\t\t\t<div class=\"elementor-widget-container\">\n\t\t\t\t\t<div class=\"title-wrapper set-mb-s reset-last-child wd-title-color-default wd-title-style-default wd-title-size-default text-left\">\n\n\t\t\t\t\t\t\t<div class=\"title-subtitle subtitle-color-default subtitle-style-default wd-fontsize-xs\">\n\t\t\t\t\tL\u2019Original Pecorino du Monte Poro D.O.P.\t\t\t\t<\/div>\n\t\t\t\n\t\t\t<div class=\"liner-continer\">\n\t\t\t\t<h4 class=\"woodmart-title-container title wd-fontsize-l\">I Sapori del pecorino Monte Poro<\/h4> \n\t\t\t\t\t\t\t<\/div>\n\n\t\t\t\t\t\t\t<div class=\"title-after_title set-cont-mb-s reset-last-child wd-fontsize-xs\">\n\t\t\t\t\tIl sapore \u00e8 fragrante del<a href=\"https:\/\/pecorinodelmonteporo.it\/pecorino-monte-poro\/\" rel=\"nofollow noopener\" target=\"_blank\"><strong>\u00a0Pecorino del Monte Poro<\/strong><\/a>, con aromi di fiori selvatici, di macchia mediterranea e di fieno,\u00a0<strong>pastoso<\/strong>\u00a0e piacevolmente nocciolato, caratteristiche che diventano sempre pi\u00f9 intense con l\u2019aumentare della stagionatura; inoltre presenta una\u00a0\u00a0<strong>pungenza<\/strong>\u00a0e sapidit\u00e0.\t\t\t\t<\/div>\n\t\t\t\t\t<\/div>\n\t\t\t\t<\/div>\n\t\t\t\t<\/div>\n\t\t\t\t<section class=\"elementor-section elementor-inner-section elementor-element elementor-element-79f59bff elementor-section-boxed elementor-section-height-default elementor-section-height-default wd-section-disabled\" data-id=\"79f59bff\" data-element_type=\"section\">\n\t\t\t\t\t\t<div class=\"elementor-container elementor-column-gap-default\">\n\t\t\t\t\t<div class=\"elementor-column elementor-col-50 elementor-inner-column elementor-element elementor-element-5e4e16a\" data-id=\"5e4e16a\" data-element_type=\"column\">\n\t\t\t<div class=\"elementor-widget-wrap elementor-element-populated\">\n\t\t\t\t\t\t\t\t<div class=\"elementor-element elementor-element-26bd2429 color-scheme-inherit text-left elementor-widget elementor-widget-text-editor\" data-id=\"26bd2429\" data-element_type=\"widget\" data-widget_type=\"text-editor.default\">\n\t\t\t\t<div class=\"elementor-widget-container\">\n\t\t\t\t\t\t\t<p><strong><span class=\"color-primary\">1.<\/span><\/strong> Caratteristiche del formaggio<\/p>\t\t\t\t\t\t<\/div>\n\t\t\t\t<\/div>\n\t\t\t\t<div class=\"elementor-element elementor-element-72fa66bc color-scheme-inherit text-left elementor-widget elementor-widget-text-editor\" data-id=\"72fa66bc\" data-element_type=\"widget\" data-widget_type=\"text-editor.default\">\n\t\t\t\t<div class=\"elementor-widget-container\">\n\t\t\t\t\t\t\t<p>La crosta \u00e8 di colore giallo ed elastica, pasta di colore avorio e tenera. Se la stagionatura \u00e8 lunga, la crosta diventa spessa e di colore rossiccio, pasta compatta, con occhiature fini e rade, colore paglierino chiaro.<\/p>\t\t\t\t\t\t<\/div>\n\t\t\t\t<\/div>\n\t\t\t\t\t<\/div>\n\t\t<\/div>\n\t\t\t\t<div class=\"elementor-column elementor-col-50 elementor-inner-column elementor-element elementor-element-14f326ee\" data-id=\"14f326ee\" data-element_type=\"column\">\n\t\t\t<div class=\"elementor-widget-wrap elementor-element-populated\">\n\t\t\t\t\t\t\t\t<div class=\"elementor-element elementor-element-1095ceea color-scheme-inherit text-left elementor-widget elementor-widget-text-editor\" data-id=\"1095ceea\" data-element_type=\"widget\" data-widget_type=\"text-editor.default\">\n\t\t\t\t<div class=\"elementor-widget-container\">\n\t\t\t\t\t\t\t<p><strong><span class=\"color-primary\">2.<\/span><\/strong> Intensit\u00e0 aromatica<\/p>\t\t\t\t\t\t<\/div>\n\t\t\t\t<\/div>\n\t\t\t\t<div class=\"elementor-element elementor-element-61fab141 color-scheme-inherit text-left elementor-widget elementor-widget-text-editor\" data-id=\"61fab141\" data-element_type=\"widget\" data-widget_type=\"text-editor.default\">\n\t\t\t\t<div class=\"elementor-widget-container\">\n\t\t\t\t\t\t\t<p>Media e medio elevata, a seconda della stagionatura del formaggio. Pi\u00f9 piccante e pungente nella tipologia del <a href=\"https:\/\/shop.borgodeivinci.com\/formaggi-stagionati\/pecorino-del-monte-poro-dop-stagionato\/\">pecorino monte poro\u00a0 stagionat<\/a><a href=\"https:\/\/shop.borgodeivinci.com\/formaggi-stagionati\/pecorino-del-monte-poro-dop-stagionato\/\">o<\/a> oltre i 6 mesi.<\/p>\t\t\t\t\t\t<\/div>\n\t\t\t\t<\/div>\n\t\t\t\t\t<\/div>\n\t\t<\/div>\n\t\t\t\t\t\t\t<\/div>\n\t\t<\/section>\n\t\t\t\t<section class=\"elementor-section elementor-inner-section elementor-element elementor-element-7731a9a3 elementor-section-boxed elementor-section-height-default elementor-section-height-default wd-section-disabled\" data-id=\"7731a9a3\" data-element_type=\"section\">\n\t\t\t\t\t\t<div class=\"elementor-container elementor-column-gap-default\">\n\t\t\t\t\t<div class=\"elementor-column elementor-col-50 elementor-inner-column elementor-element elementor-element-4e46a0be\" data-id=\"4e46a0be\" data-element_type=\"column\">\n\t\t\t<div class=\"elementor-widget-wrap elementor-element-populated\">\n\t\t\t\t\t\t\t\t<div class=\"elementor-element elementor-element-6a3a6dac color-scheme-inherit text-left elementor-widget elementor-widget-text-editor\" data-id=\"6a3a6dac\" data-element_type=\"widget\" data-widget_type=\"text-editor.default\">\n\t\t\t\t<div class=\"elementor-widget-container\">\n\t\t\t\t\t\t\t<p><strong><span class=\"color-primary\">3.<\/span><\/strong> Zona di produzione<\/p>\t\t\t\t\t\t<\/div>\n\t\t\t\t<\/div>\n\t\t\t\t<div class=\"elementor-element elementor-element-7e4e4dbd color-scheme-inherit text-left elementor-widget elementor-widget-text-editor\" data-id=\"7e4e4dbd\" data-element_type=\"widget\" data-widget_type=\"text-editor.default\">\n\t\t\t\t<div class=\"elementor-widget-container\">\n\t\t\t\t\t\t\t<p>Il formaggio pecorino monte Poro \u00e8 prodotto in Calabria, provincia di Vibo Valentia, comprensorio del vasto altopiano del <a title=\"Monte poro\" href=\"https:\/\/it.wikipedia.org\/wiki\/Monte_Poro\" target=\"_blank\" rel=\"noopener nofollow\">Monte Poro<\/a>.<\/p>\t\t\t\t\t\t<\/div>\n\t\t\t\t<\/div>\n\t\t\t\t\t<\/div>\n\t\t<\/div>\n\t\t\t\t<div class=\"elementor-column elementor-col-50 elementor-inner-column elementor-element elementor-element-4580e0cb\" data-id=\"4580e0cb\" data-element_type=\"column\">\n\t\t\t<div class=\"elementor-widget-wrap elementor-element-populated\">\n\t\t\t\t\t\t\t\t<div class=\"elementor-element elementor-element-66f274a9 color-scheme-inherit text-left elementor-widget elementor-widget-text-editor\" data-id=\"66f274a9\" data-element_type=\"widget\" data-widget_type=\"text-editor.default\">\n\t\t\t\t<div class=\"elementor-widget-container\">\n\t\t\t\t\t\t\t<p><strong><span class=\"color-primary\">4.<\/span><\/strong> Note del Sapore<\/p>\t\t\t\t\t\t<\/div>\n\t\t\t\t<\/div>\n\t\t\t\t<div class=\"elementor-element elementor-element-30c43216 color-scheme-inherit text-left elementor-widget elementor-widget-text-editor\" data-id=\"30c43216\" data-element_type=\"widget\" data-widget_type=\"text-editor.default\">\n\t\t\t\t<div class=\"elementor-widget-container\">\n\t\t\t\t\t\t\t<p>Pregevoli sono le erbe aromatiche del monte Poro, alimento principale delle pecore lattifere autoctone &#8220;Malvizza&#8221;.\u00a0<\/p><p>Scopri di pi\u00f9 qui: <a title=\"Pecorino monte Poro\" href=\"https:\/\/it.wikipedia.org\/wiki\/Pecorino_del_Monte_Poro\" target=\"_blank\" rel=\"noopener nofollow\">Formaggio Pecorino del monte Poro Dop<\/a><\/p>\t\t\t\t\t\t<\/div>\n\t\t\t\t<\/div>\n\t\t\t\t\t<\/div>\n\t\t<\/div>\n\t\t\t\t\t\t\t<\/div>\n\t\t<\/section>\n\t\t\t\t\t<\/div>\n\t\t<\/div>\n\t\t\t\t\t\t\t<\/div>\n\t\t<\/section>\n\t\t\t\t<section class=\"elementor-section elementor-top-section elementor-element elementor-element-2e61ff6 elementor-section-boxed elementor-section-height-default elementor-section-height-default wd-section-disabled\" data-id=\"2e61ff6\" data-element_type=\"section\">\n\t\t\t\t\t\t<div class=\"elementor-container elementor-column-gap-default\">\n\t\t\t\t\t<div class=\"elementor-column elementor-col-100 elementor-top-column elementor-element elementor-element-1ef3897\" data-id=\"1ef3897\" data-element_type=\"column\">\n\t\t\t<div class=\"elementor-widget-wrap elementor-element-populated\">\n\t\t\t\t\t\t\t\t<div class=\"elementor-element elementor-element-8c80e68 elementor-widget elementor-widget-wd_products\" data-id=\"8c80e68\" data-element_type=\"widget\" data-widget_type=\"wd_products.default\">\n\t\t\t\t<div class=\"elementor-widget-container\">\n\t\t\t\t\t\t\t\t<div class=\"wd-products-element\">\n\t\t\t\n\t\t\t\n\t\t\t<div class=\"products elements-grid align-items-start row wd-products-holder pagination- wd-spacing-30 grid-columns-3\" data-paged=\"1\" data-atts=\"{&quot;element_title&quot;:null,&quot;post_type&quot;:&quot;product&quot;,&quot;include&quot;:null,&quot;taxonomies&quot;:[&quot;271&quot;],&quot;offset&quot;:&quot;&quot;,&quot;orderby&quot;:&quot;&quot;,&quot;query_type&quot;:&quot;OR&quot;,&quot;order&quot;:&quot;&quot;,&quot;meta_key&quot;:null,&quot;exclude&quot;:&quot;&quot;,&quot;shop_tools&quot;:null,&quot;speed&quot;:null,&quot;slides_per_view&quot;:null,&quot;wrap&quot;:null,&quot;autoplay&quot;:null,&quot;center_mode&quot;:null,&quot;hide_pagination_control&quot;:null,&quot;hide_prev_next_buttons&quot;:null,&quot;scroll_per_page&quot;:null,&quot;carousel_js_inline&quot;:&quot;no&quot;,&quot;layout&quot;:&quot;grid&quot;,&quot;pagination&quot;:&quot;&quot;,&quot;items_per_page&quot;:3,&quot;spacing&quot;:&quot;30&quot;,&quot;columns&quot;:{&quot;unit&quot;:&quot;px&quot;,&quot;size&quot;:3,&quot;sizes&quot;:[]},&quot;products_masonry&quot;:&quot;&quot;,&quot;products_different_sizes&quot;:&quot;&quot;,&quot;product_quantity&quot;:null,&quot;product_hover&quot;:&quot;inherit&quot;,&quot;sale_countdown&quot;:&quot;0&quot;,&quot;stock_progress_bar&quot;:&quot;0&quot;,&quot;highlighted_products&quot;:&quot;0&quot;,&quot;products_bordered_grid&quot;:&quot;&quot;,&quot;img_size&quot;:&quot;shop_catalog&quot;,&quot;ajax_page&quot;:&quot;&quot;,&quot;force_not_ajax&quot;:&quot;no&quot;,&quot;lazy_loading&quot;:&quot;no&quot;,&quot;scroll_carousel_init&quot;:null,&quot;custom_sizes&quot;:false,&quot;elementor&quot;:true}\" data-source=\"shortcode\" data-columns=\"3\">\n\t\t\n\t\t\n\t\t\t\t\t\t\t\t<div class=\"product-grid-item product product-no-swatches wd-hover-base  col-md-4 col-6 first  type-product post-18370 status-publish instock product_cat-fromages-de-brebis product_cat-les-fromages product_cat-formage-monte-poro-dop has-post-thumbnail shipping-taxable purchasable product-type-simple\" data-loop=\"1\" data-id=\"18370\">\n\n\t\n<div class=\"product-wrapper\">\n\t<div class=\"content-product-imagin\"><\/div>\n\t<div class=\"product-element-top\">\n\t\t<a href=\"https:\/\/shop.borgodeivinci.com\/fr\/les-fromages\/pecorino-du-monte-poro-dop-frais\/\" class=\"product-image-link\">\n\t\t\t<img decoding=\"async\" src=\"https:\/\/shop.borgodeivinci.com\/wp-content\/uploads\/2022\/02\/PECORINO_DEL_MONTEPORO_DOP_fresco-600x600.jpg\" title=\"PECORINO_DEL_MONTEPORO_DOP_fresco\" alt=\"PECORINO_DEL_MONTEPORO_DOP_fresco\" \/>\t\t<\/a>\n\t\t\t\t<div class=\"wrapp-swatches\">\t\t\t<div class=\"wd-compare-btn product-compare-button wd-action-btn wd-style-icon wd-compare-icon\">\n\t\t\t\t<a href=\"https:\/\/shop.borgodeivinci.com\/fr\/les-fromages\/pecorino-du-monte-poro-dop-frais\/\" data-id=\"18370\" data-added-text=\"Compare products\">\n\t\t\t\t\tCompare\t\t\t\t<\/a>\n\t\t\t<\/div>\n\t\t<\/div>\n\t\t\t\t\t<div class=\"quick-shop-wrapper wd-fill wd-scroll\">\n\t\t\t\t<div class=\"quick-shop-close wd-action-btn wd-style-text wd-cross-icon\"><a href=\"#\" rel=\"nofollow noopener\">Close<\/a><\/div>\n\t\t\t\t<div class=\"quick-shop-form wd-scroll-content\">\n\t\t\t\t<\/div>\n\t\t\t<\/div>\n\t\t\t<\/div>\n\n\t<div class=\"product-information\">\n\t\t\t\t\t\t<div class=\"product-rating-price\">\n\t\t\t<div class=\"wrapp-product-price\">\n\t\t\t\t\t\t\t<\/div>\n\t\t<\/div>\n\t\t<div class=\"fade-in-block\">\n\t\t\t<div class=\"hover-content wd-more-desc\">\n\t\t\t\t<div class=\"hover-content-inner wd-more-desc-inner\">\n\t\t\t\t\tPour la production du\u00a0<strong>Pecorino monte Poro frais DOP\u00a0\u00a0<\/strong>on utilise du lait \u00a0de brebis provenant exclusivement des <em>p\u00e2turages du monte Poro<\/em>, cru et entier\u2013 provenant de deux traites (matin et soir pr\u00e9c\u00e9dent). Le go\u00fbt \u00a0du pecorino monte Poro Frais est excellent, avec ar\u00f4mes de fleures typiques, de maquis m\u00e9diterran\u00e9en et de foin. Sa composition est \u201cp\u00e2teuse\u201d avec une texture noisel\u00e9e. La p\u00e2te a une structure compacte, avec des l\u00e9g\u00e8res overtures irr\u00e9guli\u00e8rement r\u00e9parties, molle, dans la typologie \u201cfrais\u201d.\t\t\t\t<\/div>\n\t\t\t\t<a href=\"#\" rel=\"nofollow\" class=\"wd-more-desc-btn\"><span><\/span><\/a>\n\t\t\t<\/div>\n\t\t\t<div class=\" wd-bottom-actions\">\n\t\t\t\t<div class=\"wrap-wishlist-button\"><\/div>\n\t\t\t\t<div class=\"wd-add-btn wd-add-btn-replace\"><\/div>\n\t\t\t\t<div class=\"wrap-quickview-button\">\t\t\t<div class=\"quick-view wd-action-btn wd-style-icon wd-quick-view-icon\">\n\t\t\t\t<a href=\"https:\/\/shop.borgodeivinci.com\/fr\/les-fromages\/pecorino-du-monte-poro-dop-frais\/\" class=\"open-quick-view quick-view-button\" data-id=\"18370\">Quick view<\/a>\n\t\t\t<\/div>\n\t\t<\/div>\n\t\t\t<\/div>\n\t\t\t\t\t\t\n\t\t\t\t\t<\/div>\n\t<\/div>\n<\/div>\n\n<\/div>\t\n\t\t\t\t\t\t\t\t<div class=\"product-grid-item wd-with-labels product product-no-swatches wd-hover-base  col-md-4 col-6 type-product post-18214 status-publish outofstock product_cat-formaggio-monte-poro product_cat-formaggi product_cat-formaggi-di-pecora product_cat-formaggi-stagionati product_cat-fromages-affines product_cat-fromages-de-brebis product_cat-les-fromages product_cat-formage-monte-poro-dop product_tag-formaggio-del-monteporo product_tag-formaggio-del-monteporo-fr product_tag-formaggio-monte-poro-fr product_tag-formaggio-monte-poro product_tag-monteporo-dop-fr product_tag-monteporo-dop product_tag-pecorino-monte-poro product_tag-pecorino-monte-poro-fr has-post-thumbnail shipping-taxable purchasable product-type-simple\" data-loop=\"2\" data-id=\"18214\">\n\n\t\n<div class=\"product-wrapper\">\n\t<div class=\"content-product-imagin\"><\/div>\n\t<div class=\"product-element-top\">\n\t\t<a href=\"https:\/\/shop.borgodeivinci.com\/fr\/formaggi-stagionati\/pecorino-du-monte-poro-dop-semi-affine\/\" class=\"product-image-link\">\n\t\t\t<img decoding=\"async\" src=\"https:\/\/shop.borgodeivinci.com\/wp-content\/uploads\/2022\/02\/PECORINO_DEL_MONTEPORO_DOP_semistagionato-1-600x600.jpg\" title=\"PECORINO_DEL_MONTEPORO_DOP_semistagionato\" alt=\"Formaggio pecorino del monte Poro Dop, acquista online qui\" \/>\t\t<\/a>\n\t\t\t\t<div class=\"wrapp-swatches\">\t\t\t<div class=\"wd-compare-btn product-compare-button wd-action-btn wd-style-icon wd-compare-icon\">\n\t\t\t\t<a href=\"https:\/\/shop.borgodeivinci.com\/fr\/formaggi-stagionati\/pecorino-du-monte-poro-dop-semi-affine\/\" data-id=\"18214\" data-added-text=\"Compare products\">\n\t\t\t\t\tCompare\t\t\t\t<\/a>\n\t\t\t<\/div>\n\t\t<\/div>\n\t\t\t\t\t<div class=\"quick-shop-wrapper wd-fill wd-scroll\">\n\t\t\t\t<div class=\"quick-shop-close wd-action-btn wd-style-text wd-cross-icon\"><a href=\"#\" rel=\"nofollow noopener\">Close<\/a><\/div>\n\t\t\t\t<div class=\"quick-shop-form wd-scroll-content\">\n\t\t\t\t<\/div>\n\t\t\t<\/div>\n\t\t\t<\/div>\n\n\t<div class=\"product-information\">\n\t\t\t\t\t\t<div class=\"product-rating-price\">\n\t\t\t<div class=\"wrapp-product-price\">\n\t\t\t\t\t\t\t<\/div>\n\t\t<\/div>\n\t\t<div class=\"fade-in-block\">\n\t\t\t<div class=\"hover-content wd-more-desc\">\n\t\t\t\t<div class=\"hover-content-inner wd-more-desc-inner\">\n\t\t\t\t\tPour la fabrication du Pecorino monte Poro <strong>DOP semi affin\u00e9\u00a0<\/strong>on utilise du lait de brebis provenant exclusivement des p\u00e2turages du monte Poro, cru et entier\u2013 provenant de deux traites (matin et soir pr\u00e9c\u00e9dent).Le go\u00fbt \u00a0de cet excellent fromage calabrais est fragrant, ar\u00f4mes de fleures typiques, de maquis m\u00e9diterran\u00e9en et de foin. Affin\u00e9 pour une p\u00e9riode qui va de 61 jours jusqu\u2019\u00e0 six mois.\t\t\t\t<\/div>\n\t\t\t\t<a href=\"#\" rel=\"nofollow\" class=\"wd-more-desc-btn\"><span><\/span><\/a>\n\t\t\t<\/div>\n\t\t\t<div class=\" wd-bottom-actions\">\n\t\t\t\t<div class=\"wrap-wishlist-button\"><\/div>\n\t\t\t\t<div class=\"wd-add-btn wd-add-btn-replace\"><\/div>\n\t\t\t\t<div class=\"wrap-quickview-button\">\t\t\t<div class=\"quick-view wd-action-btn wd-style-icon wd-quick-view-icon\">\n\t\t\t\t<a href=\"https:\/\/shop.borgodeivinci.com\/fr\/formaggi-stagionati\/pecorino-du-monte-poro-dop-semi-affine\/\" class=\"open-quick-view quick-view-button\" data-id=\"18214\">Quick view<\/a>\n\t\t\t<\/div>\n\t\t<\/div>\n\t\t\t<\/div>\n\t\t\t\t\t\t\n\t\t\t\t\t<\/div>\n\t<\/div>\n<\/div>\n\n<\/div>\t\n\t\t\t\t\t\t\t\t<div class=\"product-grid-item product product-no-swatches wd-hover-base  col-md-4 col-6 last  type-product post-18361 status-publish last instock product_cat-fromages-affines product_cat-fromages-de-brebis product_cat-les-fromages product_cat-formage-monte-poro-dop has-post-thumbnail shipping-taxable purchasable product-type-simple\" data-loop=\"3\" data-id=\"18361\">\n\n\t\n<div class=\"product-wrapper\">\n\t<div class=\"content-product-imagin\"><\/div>\n\t<div class=\"product-element-top\">\n\t\t<a href=\"https:\/\/shop.borgodeivinci.com\/fr\/les-fromages\/pecorino-monte-poro-stagionato-dop\/\" class=\"product-image-link\">\n\t\t\t<img decoding=\"async\" src=\"https:\/\/shop.borgodeivinci.com\/wp-content\/uploads\/2022\/02\/PECORINO_DEL_MONTEPORO_DOP_STAGIONATO-600x600.png\" title=\"PECORINO_DEL_MONTEPORO_DOP_STAGIONATO\" alt=\"PECORINO_DEL_MONTEPORO_DOP_STAGIONATO\" \/>\t\t<\/a>\n\t\t\t\t\t<div class=\"hover-img\">\n\t\t\t\t<a href=\"https:\/\/shop.borgodeivinci.com\/fr\/les-fromages\/pecorino-monte-poro-stagionato-dop\/\">\n\t\t\t\t\t<img decoding=\"async\" src=\"https:\/\/shop.borgodeivinci.com\/wp-content\/uploads\/2022\/02\/PECORINO_DEL_MONTEPORO_DOP_STAGIONATO_sezione-600x600.jpg\" title=\"PECORINO_DEL_MONTEPORO_DOP_STAGIONATO_sezione\" alt=\"PECORINO_DEL_MONTEPORO_DOP_STAGIONATO_sezione\" \/>\t\t\t\t<\/a>\n\t\t\t<\/div>\n\t\t\t\t\t<div class=\"wrapp-swatches\">\t\t\t<div class=\"wd-compare-btn product-compare-button wd-action-btn wd-style-icon wd-compare-icon\">\n\t\t\t\t<a href=\"https:\/\/shop.borgodeivinci.com\/fr\/les-fromages\/pecorino-monte-poro-stagionato-dop\/\" data-id=\"18361\" data-added-text=\"Compare products\">\n\t\t\t\t\tCompare\t\t\t\t<\/a>\n\t\t\t<\/div>\n\t\t<\/div>\n\t\t\t\t\t<div class=\"quick-shop-wrapper wd-fill wd-scroll\">\n\t\t\t\t<div class=\"quick-shop-close wd-action-btn wd-style-text wd-cross-icon\"><a href=\"#\" rel=\"nofollow noopener\">Close<\/a><\/div>\n\t\t\t\t<div class=\"quick-shop-form wd-scroll-content\">\n\t\t\t\t<\/div>\n\t\t\t<\/div>\n\t\t\t<\/div>\n\n\t<div class=\"product-information\">\n\t\t\t\t\t\t<div class=\"product-rating-price\">\n\t\t\t<div class=\"wrapp-product-price\">\n\t\t\t\t\t\t\t<\/div>\n\t\t<\/div>\n\t\t<div class=\"fade-in-block\">\n\t\t\t<div class=\"hover-content wd-more-desc\">\n\t\t\t\t<div class=\"hover-content-inner wd-more-desc-inner\">\n\t\t\t\t\tPour la production du Pecorino monte Poro affin\u00e9 DOP on utilise du lait de brebis provenant exclusivement des p\u00e2turages du monte Poro, cru et entier\u2013 provenant de deux traites (matin et soir pr\u00e9c\u00e9dent). Le go\u00fbt de cet excellent fromage calabrais est fragrant, ar\u00f4mes de fleures typiques, de maquis m\u00e9diterran\u00e9en et de foin.\t\t\t\t<\/div>\n\t\t\t\t<a href=\"#\" rel=\"nofollow\" class=\"wd-more-desc-btn\"><span><\/span><\/a>\n\t\t\t<\/div>\n\t\t\t<div class=\" wd-bottom-actions\">\n\t\t\t\t<div class=\"wrap-wishlist-button\"><\/div>\n\t\t\t\t<div class=\"wd-add-btn wd-add-btn-replace\"><\/div>\n\t\t\t\t<div class=\"wrap-quickview-button\">\t\t\t<div class=\"quick-view wd-action-btn wd-style-icon wd-quick-view-icon\">\n\t\t\t\t<a href=\"https:\/\/shop.borgodeivinci.com\/fr\/les-fromages\/pecorino-monte-poro-stagionato-dop\/\" class=\"open-quick-view quick-view-button\" data-id=\"18361\">Quick view<\/a>\n\t\t\t<\/div>\n\t\t<\/div>\n\t\t\t<\/div>\n\t\t\t\t\t\t\n\t\t\t\t\t<\/div>\n\t<\/div>\n<\/div>\n\n<\/div>\t\n\t\t\n\t\t\t\t<\/div>\n\t\n\t\t\n\t\t\t\t\t<\/div>\n\t\t\n\t\t\t\t<\/div>\n\t\t\t\t<\/div>\n\t\t\t\t\t<\/div>\n\t\t<\/div>\n\t\t\t\t\t\t\t<\/div>\n\t\t<\/section>\n\t\t\t\t<section class=\"elementor-section elementor-top-section elementor-element elementor-element-932ad7d elementor-section-boxed elementor-section-height-default elementor-section-height-default wd-section-disabled\" data-id=\"932ad7d\" data-element_type=\"section\">\n\t\t\t\t\t\t<div class=\"elementor-container elementor-column-gap-default\">\n\t\t\t\t\t<div class=\"elementor-column elementor-col-33 elementor-top-column elementor-element elementor-element-84bc096\" data-id=\"84bc096\" data-element_type=\"column\">\n\t\t\t<div class=\"elementor-widget-wrap elementor-element-populated\">\n\t\t\t\t\t\t\t\t<div class=\"elementor-element elementor-element-071110a elementor-widget elementor-widget-heading\" data-id=\"071110a\" data-element_type=\"widget\" data-widget_type=\"heading.default\">\n\t\t\t\t<div class=\"elementor-widget-container\">\n\t\t\t<style>\/*! elementor - v3.8.0 - 30-10-2022 *\/\n.elementor-heading-title{padding:0;margin:0;line-height:1}.elementor-widget-heading .elementor-heading-title[class*=elementor-size-]>a{color:inherit;font-size:inherit;line-height:inherit}.elementor-widget-heading .elementor-heading-title.elementor-size-small{font-size:15px}.elementor-widget-heading .elementor-heading-title.elementor-size-medium{font-size:19px}.elementor-widget-heading .elementor-heading-title.elementor-size-large{font-size:29px}.elementor-widget-heading .elementor-heading-title.elementor-size-xl{font-size:39px}.elementor-widget-heading .elementor-heading-title.elementor-size-xxl{font-size:59px}<\/style><h2 class=\"elementor-heading-title elementor-size-default\"><a href=\"https:\/\/shop.borgodeivinci.com\/formaggi-d-o-p-calabresi\/pecorino-del-monte-poro-dop-stagionato\/\">Pecorino du monte Poro frais<\/a><\/h2>\t\t<\/div>\n\t\t\t\t<\/div>\n\t\t\t\t<div class=\"elementor-element elementor-element-807e7a8 elementor-widget elementor-widget-wd_title\" data-id=\"807e7a8\" data-element_type=\"widget\" data-widget_type=\"wd_title.default\">\n\t\t\t\t<div class=\"elementor-widget-container\">\n\t\t\t\t\t<div class=\"title-wrapper set-mb-s reset-last-child wd-title-color-default wd-title-style-default wd-title-size-default text-center\">\n\n\t\t\t\n\t\t\t<div class=\"liner-continer\">\n\t\t\t\t<h4 class=\"woodmart-title-container title wd-fontsize-l\"><\/h4> \n\t\t\t\t\t\t\t<\/div>\n\n\t\t\t\t\t\t\t<div class=\"title-after_title set-cont-mb-s reset-last-child wd-fontsize-xs\">\n\t\t\t\t\tPour l\u2019\u00e9laboration du Pecorino Monte Poro DOP frais on utilise du lait de br\u00e9bis provenant exclusivement p\u00e2turages du Monte Poro, cru et entier \u2013 obtenu par deux traites (matin et soir pr\u00e9c\u00e9dent). Le go\u00fbt de cet excellent fromage calabrais est fragrant avec des ar\u00f4mes de fleurs s\u00e9lvatiques, de maquis m\u00e9diterran\u00e9en et de foin. Sa composition est p\u00e2teuse, tr\u00e8s d\u00e9licate et la texture est noisette ; la p\u00e2te a une structure compacte, avec quelques l\u00e9g\u00e8re ouverture irr\u00e9guli\u00e8rement r\u00e9partie, douce dans la tipologie \u00ab frais \u00bb.\t\t\t\t<\/div>\n\t\t\t\t\t<\/div>\n\t\t\t\t<\/div>\n\t\t\t\t<\/div>\n\t\t\t\t<div class=\"elementor-element elementor-element-b90bf75 elementor-widget elementor-widget-wd_button\" data-id=\"b90bf75\" data-element_type=\"widget\" data-widget_type=\"wd_button.default\">\n\t\t\t\t<div class=\"elementor-widget-container\">\n\t\t\t\t\t<div class=\"wd-button-wrapper text-center\" >\n\t\t\t<a class=\"btn btn-style-default btn-shape-rectangle btn-size-default btn-color-primary btn-icon-pos-right\" href=\"https:\/\/shop.borgodeivinci.com\/formaggi-d-o-p-calabresi\/pecorino-del-monte-poro-dop-fresco\/\">\n\t\t\t\t<span class=\"wd-btn-text\" data-elementor-setting-key=\"text\">\n\t\t\t\t\tAcquista Fresco\t\t\t\t<\/span>\n\n\t\t\t\t\t\t\t<\/a>\n\t\t<\/div>\n\t\t\t\t<\/div>\n\t\t\t\t<\/div>\n\t\t\t\t\t<\/div>\n\t\t<\/div>\n\t\t\t\t<div class=\"elementor-column elementor-col-33 elementor-top-column elementor-element elementor-element-c1c625a\" data-id=\"c1c625a\" data-element_type=\"column\">\n\t\t\t<div class=\"elementor-widget-wrap elementor-element-populated\">\n\t\t\t\t\t\t\t\t<div class=\"elementor-element elementor-element-386b3cd elementor-widget elementor-widget-heading\" data-id=\"386b3cd\" data-element_type=\"widget\" data-widget_type=\"heading.default\">\n\t\t\t\t<div class=\"elementor-widget-container\">\n\t\t\t<h2 class=\"elementor-heading-title elementor-size-default\"><a href=\"https:\/\/shop.borgodeivinci.com\/formaggi-d-o-p-calabresi\/vendita-pecorino-del-monte-poro-dop-semi-stagionato\/\">Pecorino du Monte Poro DOP \u2013 semi-affin\u00e9<\/a><\/h2>\t\t<\/div>\n\t\t\t\t<\/div>\n\t\t\t\t<div class=\"elementor-element elementor-element-5105fd0 elementor-widget elementor-widget-wd_title\" data-id=\"5105fd0\" data-element_type=\"widget\" data-widget_type=\"wd_title.default\">\n\t\t\t\t<div class=\"elementor-widget-container\">\n\t\t\t\t\t<div class=\"title-wrapper set-mb-s reset-last-child wd-title-color-default wd-title-style-default wd-title-size-default text-center\">\n\n\t\t\t\n\t\t\t<div class=\"liner-continer\">\n\t\t\t\t<h4 class=\"woodmart-title-container title wd-fontsize-l\"><\/h4> \n\t\t\t\t\t\t\t<\/div>\n\n\t\t\t\t\t\t\t<div class=\"title-after_title set-cont-mb-s reset-last-child wd-fontsize-xs\">\n\t\t\t\t\tPour l\u2019\u00e9laboration du Pecorino Monte Poro DOP semi-affin\u00e9 on utilise du lait de br\u00e9bis provenant exclusivement p\u00e2turages du Monte Poro, cru et entier \u2013 obtenu par deux traites (matin et soir pr\u00e9c\u00e9dent). Le go\u00fbt de cet excellent fromage calabrais est fragrant avec des ar\u00f4mes de fleurs s\u00e9lvatiques, de maquis m\u00e9diterran\u00e9en et de foin. Affin\u00e9 pour une p\u00e9riode minimale de 61 jours et maximale de 6 mois. \t\t\t\t<\/div>\n\t\t\t\t\t<\/div>\n\t\t\t\t<\/div>\n\t\t\t\t<\/div>\n\t\t\t\t<div class=\"elementor-element elementor-element-4eb8311 elementor-widget elementor-widget-wd_button\" data-id=\"4eb8311\" data-element_type=\"widget\" data-widget_type=\"wd_button.default\">\n\t\t\t\t<div class=\"elementor-widget-container\">\n\t\t\t\t\t<div class=\"wd-button-wrapper text-center\" >\n\t\t\t<a class=\"btn btn-style-default btn-shape-rectangle btn-size-default btn-color-primary btn-icon-pos-right\" href=\"https:\/\/shop.borgodeivinci.com\/formaggi-d-o-p-calabresi\/vendita-pecorino-del-monte-poro-dop-semi-stagionato\/\">\n\t\t\t\t<span class=\"wd-btn-text\" data-elementor-setting-key=\"text\">\n\t\t\t\t\tAcquista Semi-stagionato\t\t\t\t<\/span>\n\n\t\t\t\t\t\t\t<\/a>\n\t\t<\/div>\n\t\t\t\t<\/div>\n\t\t\t\t<\/div>\n\t\t\t\t\t<\/div>\n\t\t<\/div>\n\t\t\t\t<div class=\"elementor-column elementor-col-33 elementor-top-column elementor-element elementor-element-b06935e\" data-id=\"b06935e\" data-element_type=\"column\">\n\t\t\t<div class=\"elementor-widget-wrap elementor-element-populated\">\n\t\t\t\t\t\t\t\t<div class=\"elementor-element elementor-element-6a592fd elementor-widget elementor-widget-heading\" data-id=\"6a592fd\" data-element_type=\"widget\" data-widget_type=\"heading.default\">\n\t\t\t\t<div class=\"elementor-widget-container\">\n\t\t\t<h2 class=\"elementor-heading-title elementor-size-default\"><a href=\"https:\/\/shop.borgodeivinci.com\/formaggi-d-o-p-calabresi\/pecorino-del-monte-poro-dop-stagionato\/\">Pecorino monte Poro affin\u00e9 \u2013 DOP<\/a><\/h2>\t\t<\/div>\n\t\t\t\t<\/div>\n\t\t\t\t<div class=\"elementor-element elementor-element-23af39b elementor-widget elementor-widget-wd_title\" data-id=\"23af39b\" data-element_type=\"widget\" data-widget_type=\"wd_title.default\">\n\t\t\t\t<div class=\"elementor-widget-container\">\n\t\t\t\t\t<div class=\"title-wrapper set-mb-s reset-last-child wd-title-color-default wd-title-style-default wd-title-size-default text-center\">\n\n\t\t\t\n\t\t\t<div class=\"liner-continer\">\n\t\t\t\t<h4 class=\"woodmart-title-container title wd-fontsize-l\"><\/h4> \n\t\t\t\t\t\t\t<\/div>\n\n\t\t\t\t\t\t\t<div class=\"title-after_title set-cont-mb-s reset-last-child wd-fontsize-xs\">\n\t\t\t\t\tPour l\u2019\u00e9laboration du Pecorino Monte Poro DOP affin\u00e9 on utilise du lait de br\u00e9bis provenant exclusivement p\u00e2turages du Monte Poro, cru et entier \u2013 obtenu par deux traites (matin et soir pr\u00e9c\u00e9dent). Le go\u00fbt de cet excellent fromage calabrais est fragrant avec des ar\u00f4mes de fleurs s\u00e9lvatiques, de maquis m\u00e9diterran\u00e9en et de foin.\t\t\t\t<\/div>\n\t\t\t\t\t<\/div>\n\t\t\t\t<\/div>\n\t\t\t\t<\/div>\n\t\t\t\t<div class=\"elementor-element elementor-element-ad796fa elementor-widget elementor-widget-wd_button\" data-id=\"ad796fa\" data-element_type=\"widget\" data-widget_type=\"wd_button.default\">\n\t\t\t\t<div class=\"elementor-widget-container\">\n\t\t\t\t\t<div class=\"wd-button-wrapper text-center\" >\n\t\t\t<a class=\"btn btn-style-default btn-shape-rectangle btn-size-default btn-color-primary btn-icon-pos-right\" href=\"https:\/\/shop.borgodeivinci.com\/formaggi-d-o-p-calabresi\/pecorino-del-monte-poro-dop-fresco\/\">\n\t\t\t\t<span class=\"wd-btn-text\" data-elementor-setting-key=\"text\">\n\t\t\t\t\tAcquista Fresco\t\t\t\t<\/span>\n\n\t\t\t\t\t\t\t<\/a>\n\t\t<\/div>\n\t\t\t\t<\/div>\n\t\t\t\t<\/div>\n\t\t\t\t\t<\/div>\n\t\t<\/div>\n\t\t\t\t\t\t\t<\/div>\n\t\t<\/section>\n\t\t\t\t\t\t\t<\/div>\n\t\t","protected":false},"excerpt":{"rendered":"<p>Le fromage pecorino typique du monte Poro L\u2019Original Pecorino du Monte Poro D.O.P. Pecorino del Monte Poro D.o.p. Il formaggio<\/p>\n","protected":false},"author":1,"featured_media":18203,"parent":0,"menu_order":0,"comment_status":"closed","ping_status":"closed","template":"","meta":{"footnotes":""},"class_list":["post-18201","page","type-page","status-publish","has-post-thumbnail","hentry"],"_links":{"self":[{"href":"https:\/\/shop.borgodeivinci.com\/fr\/wp-json\/wp\/v2\/pages\/18201","targetHints":{"allow":["GET"]}}],"collection":[{"href":"https:\/\/shop.borgodeivinci.com\/fr\/wp-json\/wp\/v2\/pages"}],"about":[{"href":"https:\/\/shop.borgodeivinci.com\/fr\/wp-json\/wp\/v2\/types\/page"}],"author":[{"embeddable":true,"href":"https:\/\/shop.borgodeivinci.com\/fr\/wp-json\/wp\/v2\/users\/1"}],"replies":[{"embeddable":true,"href":"https:\/\/shop.borgodeivinci.com\/fr\/wp-json\/wp\/v2\/comments?post=18201"}],"version-history":[{"count":0,"href":"https:\/\/shop.borgodeivinci.com\/fr\/wp-json\/wp\/v2\/pages\/18201\/revisions"}],"wp:featuredmedia":[{"embeddable":true,"href":"https:\/\/shop.borgodeivinci.com\/fr\/wp-json\/wp\/v2\/media\/18203"}],"wp:attachment":[{"href":"https:\/\/shop.borgodeivinci.com\/fr\/wp-json\/wp\/v2\/media?parent=18201"}],"curies":[{"name":"wp","href":"https:\/\/api.w.org\/{rel}","templated":true}]}}